{"id":24,"date":"2020-04-20T14:46:25","date_gmt":"2020-04-20T14:46:25","guid":{"rendered":"http:\/\/77.240.19.21\/~tamperee\/?page_id=24"},"modified":"2023-05-04T11:58:04","modified_gmt":"2023-05-04T08:58:04","slug":"ajankohtaista","status":"publish","type":"page","link":"http:\/\/www.tampereenjudo.net\/vanha\/","title":{"rendered":"Ajankohtaista"},"content":{"rendered":"\n<h2>J\u00e4senkirje 2\/2023<\/h2>\n\n\n\n<p>Kev\u00e4tkausi alkaa kohta olla paketissa. Loppukev\u00e4\u00e4n ja kes\u00e4n tapahtumista l\u00f6yd\u00e4t kootusti tietoa <a href=\"http:\/\/www.tampereenjudo.net\/vanha\/2023\/05\/jasenkirje-2-2023\/\">j\u00e4senkirjeest\u00e4<\/a>.  Laitapa kalenteriin ainakin seuraavat tapahtumat:<\/p>\n\n\n\n<ul><li>Vy\u00f6kokeet 12.-16.5.2023, lis\u00e4tiedot <a href=\"http:\/\/www.tampereenjudo.net\/vanha\/vyo-ja-natsakokeet\/\">t\u00e4\u00e4lt\u00e4<\/a><\/li><li>Yhdistyksen kev\u00e4tkokous to 25.5.2023 klo 18:30 N\u00e4\u00e4shallilla (budo 4), <a href=\"http:\/\/www.tampereenjudo.net\/vanha\/2023\/05\/kevatkokous-to-25-5-2023\/\">kokouskutsu\/esityslista<\/a><\/li><li>Kev\u00e4tkauden p\u00e4\u00e4t\u00f6s \/ kes\u00e4kauden avaus Niihaman majalla ke 31.5.2023 klo 17-20<\/li><li>Juniorien judoleiri N\u00e4\u00e4shallilla 5.-7.6.2023, <a rel=\"noreferrer noopener\" href=\"https:\/\/docs.google.com\/forms\/d\/e\/1FAIpQLSfYHu-DGC97S7LRZ4m5vebxpyLcOMfGzF3XEXRxH53_Utlu5g\/viewform\" target=\"_blank\">ilmoittaudu t\u00e4st\u00e4<\/a><\/li><\/ul>\n\n\n\n<hr class=\"wp-block-separator\"\/>\n\n\n\n<h2>Tarvikevaraston tyhjennys!<\/h2>\n\n\n\n<p>Tarvitsetko zorit, treenipaitoja, treenilaukkuja tai kenties judo-oppaita? Kysele rahastonhoitajalta! Hervannan toimisto tyhjenee remontin alta, ja varastoja tyhjennet\u00e4\u00e4n rajulla k\u00e4dell\u00e4. Tavoitat rahastonhoitajan harrastejudo-treeneist\u00e4 ti\/to kllo 18:30-20 tai s\u00e4hk\u00f6postitse soile.kutila(at)tampereenjudo.net.<\/p>\n\n\n\n<hr class=\"wp-block-separator\"\/>\n\n\n\n<h2>Liity SuomiSportissa Tampereen Judo ry:n j\u00e4seneksi!<\/h2>\n\n\n\n<p>J\u00e4senrekisterimme siirtyy SuomiSportiin. K\u00e4y liittym\u00e4ss\u00e4 seuran j\u00e4seneksi klikkaamalla alla olevia linkkej\u00e4! J\u00e4seneksi liittyminen ei aiheuta sinulle maksuja.<\/p>\n\n\n\n<ul><li><a rel=\"noreferrer noopener\" href=\"https:\/\/seurat.suomisport.fi\/invite\/a157c817-11d1-4c86-b31b-7f8bf398d3fd\" target=\"_blank\">Liity Tampereen Judo ry:n aikuisj\u00e4seneksi (16v ja sit\u00e4 vanhemmat)<\/a><\/li><li><a rel=\"noreferrer noopener\" href=\"https:\/\/seurat.suomisport.fi\/invite\/34b21446-665e-4fac-9fdf-34139b1b32c3\" target=\"_blank\">Liity Tampereen Judo ry:n juniorij\u00e4seneksi (7-15 vuotiaat)<\/a><\/li><li><a rel=\"noreferrer noopener\" href=\"https:\/\/seurat.suomisport.fi\/invite\/390b265d-b11f-4b46-97ee-34adfa6795d0\" target=\"_blank\">Liity Tampereen Judo ry:n muksu-j\u00e4seneksi (alle 7 vuotiaat)<\/a><\/li><li><a rel=\"noreferrer noopener\" href=\"https:\/\/seurat.suomisport.fi\/invite\/b30f261a-a550-49d5-a6dd-11ac84d5f958\" target=\"_blank\">Liity Tampereeen Judo ry:n j\u00e4seneksi (sovellettu judo)<\/a><\/li><\/ul>\n\n\n\n<hr class=\"wp-block-separator\"\/>\n\n\n\n<p><\/p>\n","protected":false},"excerpt":{"rendered":"<p>J\u00e4senkirje 2\/2023 Kev\u00e4tkausi alkaa kohta olla paketissa. Loppukev\u00e4\u00e4n ja kes\u00e4n tapahtumista l\u00f6yd\u00e4t kootusti tietoa j\u00e4senkirjeest\u00e4. Laitapa kalenteriin ainakin seuraavat tapahtumat: Vy\u00f6kokeet 12.-16.5.2023, lis\u00e4tiedot t\u00e4\u00e4lt\u00e4 Yhdistyksen kev\u00e4tkokous to 25.5.2023 klo 18:30 N\u00e4\u00e4shallilla (budo 4), kokouskutsu\/esityslista Kev\u00e4tkauden p\u00e4\u00e4t\u00f6s \/ kes\u00e4kauden avaus Niihaman majalla ke 31.5.2023 klo 17-20 Juniorien judoleiri N\u00e4\u00e4shallilla 5.-7.6.2023, ilmoittaudu&#8230;<\/p>\n","protected":false},"author":1,"featured_media":0,"parent":0,"menu_order":0,"comment_status":"closed","ping_status":"closed","template":"","meta":[],"_links":{"self":[{"href":"http:\/\/www.tampereenjudo.net\/vanha\/wp-json\/wp\/v2\/pages\/24"}],"collection":[{"href":"http:\/\/www.tampereenjudo.net\/vanha\/wp-json\/wp\/v2\/pages"}],"about":[{"href":"http:\/\/www.tampereenjudo.net\/vanha\/wp-json\/wp\/v2\/types\/page"}],"author":[{"embeddable":true,"href":"http:\/\/www.tampereenjudo.net\/vanha\/wp-json\/wp\/v2\/users\/1"}],"replies":[{"embeddable":true,"href":"http:\/\/www.tampereenjudo.net\/vanha\/wp-json\/wp\/v2\/comments?post=24"}],"version-history":[{"count":138,"href":"http:\/\/www.tampereenjudo.net\/vanha\/wp-json\/wp\/v2\/pages\/24\/revisions"}],"predecessor-version":[{"id":1562,"href":"http:\/\/www.tampereenjudo.net\/vanha\/wp-json\/wp\/v2\/pages\/24\/revisions\/1562"}],"wp:attachment":[{"href":"http:\/\/www.tampereenjudo.net\/vanha\/wp-json\/wp\/v2\/media?parent=24"}],"curies":[{"name":"wp","href":"https:\/\/api.w.org\/{rel}","templated":true}]}}